{"id":1190,"date":"2020-06-11T04:13:29","date_gmt":"2020-06-11T04:13:29","guid":{"rendered":"https:\/\/solylunavitaplay.cl\/?page_id=1190"},"modified":"2023-10-20T16:20:27","modified_gmt":"2023-10-20T16:20:27","slug":"equipo","status":"publish","type":"page","link":"https:\/\/solylunavitaplay.cl\/?page_id=1190","title":{"rendered":"Equipo"},"content":{"rendered":"[et_pb_section fb_built=\u00bb1&#8243; admin_label=\u00bbMENU &#8211; SOL y LUNA\u00bb _builder_version=\u00bb4.16&#8243; background_color=\u00bb#fff347&#8243; custom_padding=\u00bb0px||0px|||\u00bb box_shadow_style=\u00bbpreset2&#8243; locked=\u00bboff\u00bb global_colors_info=\u00bb{}\u00bb][et_pb_row _builder_version=\u00bb4.16&#8243; global_colors_info=\u00bb{}\u00bb][et_pb_column type=\u00bb4_4&#8243; _builder_version=\u00bb4.16&#8243; global_colors_info=\u00bb{}\u00bb][et_pb_text _builder_version=\u00bb4.16&#8243; header_font=\u00bbCabin Sketch|700|||||||\u00bb header_text_color=\u00bb#36217b\u00bb header_font_size=\u00bb50px\u00bb custom_padding=\u00bb21px|||||\u00bb global_colors_info=\u00bb{}\u00bb]\n<h1>Equipo<\/h1>\n[\/et_pb_text][\/et_pb_column][\/et_pb_row][\/et_pb_section][et_pb_section fb_built=\u00bb1&#8243; admin_label=\u00bbDirectora\u00bb _builder_version=\u00bb4.16&#8243; background_color=\u00bb#3a5063&#8243; background_size=\u00bbcontain\u00bb background_position=\u00bbtop_center\u00bb custom_padding=\u00bb|||\u00bb locked=\u00bboff\u00bb global_colors_info=\u00bb{}\u00bb][et_pb_row column_structure=\u00bb1_3,2_3&#8243; _builder_version=\u00bb4.16&#8243; global_colors_info=\u00bb{}\u00bb][et_pb_column type=\u00bb1_3&#8243; _builder_version=\u00bb4.16&#8243; custom_padding=\u00bb|||\u00bb global_colors_info=\u00bb{}\u00bb custom_padding__hover=\u00bb|||\u00bb][et_pb_image src=\u00bbhttps:\/\/solylunavitaplay.cl\/wp-content\/uploads\/2022\/06\/solyluna_01.png\u00bb alt=\u00bbElizabeth Paredes Lazo\u00bb title_text=\u00bbsolyluna_01&#8243; _builder_version=\u00bb4.17.4&#8243; global_colors_info=\u00bb{}\u00bb][\/et_pb_image][\/et_pb_column][et_pb_column type=\u00bb2_3&#8243; _builder_version=\u00bb4.16&#8243; custom_padding=\u00bb|||\u00bb global_colors_info=\u00bb{}\u00bb custom_padding__hover=\u00bb|||\u00bb][et_pb_text _builder_version=\u00bb4.16&#8243; text_font=\u00bbRubik|500|||||||\u00bb text_font_size=\u00bb16px\u00bb text_line_height=\u00bb2em\u00bb quote_font=\u00bb||||||||\u00bb header_font=\u00bb||||||||\u00bb header_2_font=\u00bbRubik|700|||||||\u00bb header_2_font_size=\u00bb40px\u00bb header_2_line_height=\u00bb1.4em\u00bb header_5_font=\u00bbRubik|700||on|||||\u00bb header_5_letter_spacing=\u00bb5px\u00bb header_5_line_height=\u00bb1.2em\u00bb background_layout=\u00bbdark\u00bb max_width=\u00bb600px\u00bb max_width_tablet=\u00bb\u00bb max_width_phone=\u00bb\u00bb max_width_last_edited=\u00bbon|phone\u00bb custom_margin=\u00bb|||\u00bb custom_margin_tablet=\u00bb|70px||70px\u00bb custom_margin_phone=\u00bb|50px||50px\u00bb custom_margin_last_edited=\u00bboff|desktop\u00bb custom_padding=\u00bb|||\u00bb text_line_height_last_edited=\u00bboff|desktop\u00bb header_2_font_size_tablet=\u00bb\u00bb header_2_font_size_phone=\u00bb30px\u00bb header_2_font_size_last_edited=\u00bbon|phone\u00bb global_colors_info=\u00bb{}\u00bb]\n<h5 style=\"text-align: justify;\">Directora<\/h5>\n<p style=\"text-align: justify;\">Sean bienvenidos a la Escuela de Lenguaje y P\u00e1rvulos \u201cSol y Luna\u201d, una comunidad que ha forjado su labor educativa en la Comuna de La reina, desde el a\u00f1o 2002.<\/p>\n<p style=\"text-align: justify;\">Somos un equipo multidisciplinario, cuyo principal esp\u00edritu es construir experiencias de aprendizaje en la base al amor y la dedicaci\u00f3n a los ni\u00f1os, consider\u00e1ndolos en toda su dimensi\u00f3n humana y con un profundo sentido de respeto por sus virtudes, necesidades de apoyo y formas de expresi\u00f3n.<\/p>\n<p style=\"text-align: justify;\">Sol y Luna se destaca por un ambiente familiar y protector. El equipo profesional planifica y lleva a cabo en conjunto variadas actividades, entre ellas eventos, salidas a terreno y muestras culturales, demostrando importantes avances en los aprendizajes de los estudiantes.<\/p>\n<p style=\"text-align: justify;\">Gracias a la labor incansable del equipo, junto a los aportes de las familias y las m\u00faltiples redes de apoyo, Sol y Luna ha alcanzado un reconocimiento especialmente a nivel de las comunas de La Reina, Pe\u00f1alol\u00e9n y \u00d1u\u00f1oa de donde proviene mayoritariamente nuestro alumnado.<\/p>\n<p style=\"text-align: justify;\">Gracias a estos logros, nuestra escuela ha sido reconocida por el Ministerio de educaci\u00f3n, como Escuela de Excelencia SNED.<\/p>\n<p style=\"text-align: justify;\">Los invitamos a conocer y encantarse con nuestro proyecto!!!!!<\/p>\n<h4 style=\"text-align: justify;\"><strong>Atte. Francisca Mateluna<br \/><\/strong><\/h4>\n<p style=\"text-align: justify;\">Directora Escuela Sol y Luna.<\/p>\n[\/et_pb_text][\/et_pb_column][\/et_pb_row][\/et_pb_section][et_pb_section fb_built=\u00bb1&#8243; _builder_version=\u00bb4.16&#8243; background_image=\u00bbhttps:\/\/solylunavitaplay.cl\/wp-content\/uploads\/2020\/05\/shapes-bg-color.png\u00bb background_position=\u00bbtop_center\u00bb background_repeat=\u00bbrepeat\u00bb locked=\u00bboff\u00bb global_colors_info=\u00bb{}\u00bb][et_pb_row column_structure=\u00bb1_4,1_4,1_4,1_4&#8243; _builder_version=\u00bb4.16&#8243; global_colors_info=\u00bb{}\u00bb][et_pb_column type=\u00bb1_4&#8243; _builder_version=\u00bb4.16&#8243; custom_padding=\u00bb|||\u00bb global_colors_info=\u00bb{}\u00bb custom_padding__hover=\u00bb|||\u00bb][et_pb_team_member name=\u00bbClaudia Bolivar Fern\u00e1ndez\u00bb position=\u00bbJefa UTP\u00bb image_url=\u00bbhttps:\/\/solylunavitaplay.cl\/wp-content\/uploads\/2020\/06\/002_Claudia.png\u00bb admin_label=\u00bbClaudia Bolivar \u00bb _builder_version=\u00bb4.16&#8243; header_font=\u00bbRubik|500|||||||\u00bb header_text_color=\u00bb#4c5c67&#8243; header_line_height=\u00bb1.7em\u00bb body_font=\u00bbRubik|500|||||||\u00bb body_line_height=\u00bb2em\u00bb animation_style=\u00bbzoom\u00bb animation_intensity_zoom=\u00bb10%\u00bb border_radii_image=\u00bbon|10px|10px|10px|10px\u00bb global_colors_info=\u00bb{}\u00bb]\n<p style=\"text-align: justify;\">Educadora Diferencial UACH, especialista en audici\u00f3n y lenguaje. Con formaci\u00f3n en Curriculum y evaluaci\u00f3n. 30 a\u00f1os de ejercicio en contextos asociados a discapacidad y Trastorno espec\u00edfico de lenguaje. Vasta experiencia en Jefatura T\u00e9cnica, rol que ejerce hace 12 a\u00f1os en Vida Play. Gracias a su gesti\u00f3n equipo obtiene SNED durante este a\u00f1o.<\/p>\n[\/et_pb_team_member][\/et_pb_column][et_pb_column type=\u00bb1_4&#8243; _builder_version=\u00bb4.16&#8243; custom_padding=\u00bb|||\u00bb global_colors_info=\u00bb{}\u00bb custom_padding__hover=\u00bb|||\u00bb][et_pb_team_member name=\u00bbLorena Moya Luco\u00bb position=\u00bbFonoaudi\u00f3loga\u00bb image_url=\u00bbhttps:\/\/solylunavitaplay.cl\/wp-content\/uploads\/2020\/06\/003_Lorena.png\u00bb admin_label=\u00bbLorena Moya Luco\u00bb _builder_version=\u00bb4.16&#8243; header_font=\u00bbRubik|500|||||||\u00bb header_text_color=\u00bb#4c5c67&#8243; header_line_height=\u00bb1.7em\u00bb body_font=\u00bbRubik|500|||||||\u00bb body_line_height=\u00bb2em\u00bb animation_style=\u00bbzoom\u00bb animation_intensity_zoom=\u00bb10%\u00bb border_radii_image=\u00bbon|10px|10px|10px|10px\u00bb global_colors_info=\u00bb{}\u00bb]\n<p style=\"text-align: justify;\">Licenciada de Fonoaudiolog\u00eda U.MAYOR con actualizaci\u00f3n en trastornos del desarrollo del lenguaje. 13 a\u00f1os de experiencia. Se ha desempe\u00f1ado en el \u00e1rea educaci\u00f3n tanto a nivel particular como en escuelas de lenguaje. Actualmente coordina el \u00e1rea de fonoaudiol\u00f3g\u00eda de Vida Play y est\u00e1 a cargo de la escuela Sol y Luna.<\/p>\n[\/et_pb_team_member][\/et_pb_column][et_pb_column type=\u00bb1_4&#8243; _builder_version=\u00bb4.16&#8243; custom_padding=\u00bb|||\u00bb global_colors_info=\u00bb{}\u00bb custom_padding__hover=\u00bb|||\u00bb][et_pb_team_member name=\u00bbLeticia Guti\u00e9rrez Cano\u00bb position=\u00bbDocente Especialista en Lenguaje\u00bb image_url=\u00bbhttps:\/\/solylunavitaplay.cl\/wp-content\/uploads\/2020\/06\/004_Leticia.png\u00bb admin_label=\u00bbLeticia Guti\u00e9rrez Cano\u00bb _builder_version=\u00bb4.16&#8243; header_font=\u00bbRubik|500|||||||\u00bb header_text_color=\u00bb#4c5c67&#8243; header_line_height=\u00bb1.7em\u00bb body_font=\u00bbRubik|500|||||||\u00bb body_line_height=\u00bb2em\u00bb animation_style=\u00bbzoom\u00bb animation_intensity_zoom=\u00bb10%\u00bb border_radii_image=\u00bbon|10px|10px|10px|10px\u00bb global_colors_info=\u00bb{}\u00bb]\n<p style=\"text-align: justify;\">Educadora Diferencial UMCE especialista en Dificultades de aprendizaje y trastornos de comunicaci\u00f3n oral y trastorno espec\u00edfico de lenguaje. Con 22 a\u00f1os de ejercicio. Basta experiencia en Aulas hospitalarias y centros de Diagn\u00f3stico integral. M\u00e1s de 15 a\u00f1os en escuelas de lenguaje. Actualmente A cargo del los niveles de KInder Y medio mayor.<\/p>\n[\/et_pb_team_member][\/et_pb_column][et_pb_column type=\u00bb1_4&#8243; _builder_version=\u00bb4.16&#8243; custom_padding=\u00bb|||\u00bb global_colors_info=\u00bb{}\u00bb custom_padding__hover=\u00bb|||\u00bb][et_pb_team_member name=\u00bbSandra Calder\u00f3n Orellana\u00bb position=\u00bbDocente Especialista en Lenguaje\u00bb image_url=\u00bbhttps:\/\/solylunavitaplay.cl\/wp-content\/uploads\/2020\/06\/007_Sandra.png\u00bb admin_label=\u00bbSandra Calder\u00f3n\u00bb _builder_version=\u00bb4.16&#8243; header_font=\u00bbRubik|500|||||||\u00bb header_text_color=\u00bb#4c5c67&#8243; header_line_height=\u00bb1.7em\u00bb body_font=\u00bbRubik|500|||||||\u00bb body_line_height=\u00bb2em\u00bb animation_style=\u00bbzoom\u00bb animation_intensity_zoom=\u00bb10%\u00bb border_radii_image=\u00bbon|10px|10px|10px|10px\u00bb global_colors_info=\u00bb{}\u00bb]\n<p style=\"text-align: justify;\">Educadora diferencial UPLA especialista deficiencia mental y audici\u00f3n y lenguaje. 18 a\u00f1os de ejercicio. Experiencia en escuelas especiales y escuelas de lenguaje. Gestora proyecto \u00abVoces\u00bb dedicado a la atenci\u00f3n de menores en jardines infantiles. Actualmente a cargo de primer nivel de transici\u00f3n.<\/p>\n[\/et_pb_team_member][\/et_pb_column][\/et_pb_row][et_pb_row column_structure=\u00bb1_4,1_4,1_4,1_4&#8243; _builder_version=\u00bb4.16&#8243; global_colors_info=\u00bb{}\u00bb][et_pb_column type=\u00bb1_4&#8243; _builder_version=\u00bb4.16&#8243; custom_padding=\u00bb|||\u00bb global_colors_info=\u00bb{}\u00bb custom_padding__hover=\u00bb|||\u00bb][et_pb_team_member name=\u00bbRomina Toledo\u00bb position=\u00bbT\u00e9cnico en Educaci\u00f3n Parvularia \u00bb image_url=\u00bbhttps:\/\/solylunavitaplay.cl\/wp-content\/uploads\/2023\/10\/Romina.png\u00bb admin_label=\u00bbSandra Calder\u00f3n\u00bb _builder_version=\u00bb4.22.2&#8243; header_font=\u00bbRubik|500|||||||\u00bb header_text_color=\u00bb#4c5c67&#8243; header_line_height=\u00bb1.7em\u00bb body_font=\u00bbRubik|500|||||||\u00bb body_line_height=\u00bb2em\u00bb animation_style=\u00bbzoom\u00bb animation_intensity_zoom=\u00bb10%\u00bb hover_enabled=\u00bb0&#8243; border_radii_image=\u00bbon|10px|10px|10px|10px\u00bb global_colors_info=\u00bb{}\u00bb title_text=\u00bbRomina\u00bb sticky_enabled=\u00bb0&#8243;]\n<p>T\u00e9cnico en educaci\u00f3n parvularia titulada en el a\u00f1o 2006 del Liceo T\u00e9cnico Profesional Pedro Aguirre Cerda de Puerto Varas, ejerciendo desde abril de este a\u00f1o en vita play con m\u00e1s de 15\u00a0 a\u00f1os de experiencia en diferentes regiones del pa\u00eds, actualmente se desempe\u00f1a en el nivel de transici\u00f3n y medio mayor<\/p>\n[\/et_pb_team_member][\/et_pb_column][et_pb_column type=\u00bb1_4&#8243; _builder_version=\u00bb4.16&#8243; custom_padding=\u00bb|||\u00bb global_colors_info=\u00bb{}\u00bb custom_padding__hover=\u00bb|||\u00bb][et_pb_team_member name=\u00bbIsabel Horta\u00bb position=\u00bbAsistente- Secretaria\u00bb image_url=\u00bbhttps:\/\/solylunavitaplay.cl\/wp-content\/uploads\/2020\/06\/012_Isabel.png\u00bb admin_label=\u00bbIsabel Horta\u00bb _builder_version=\u00bb4.16&#8243; header_font=\u00bbRubik|500|||||||\u00bb header_text_color=\u00bb#4c5c67&#8243; header_line_height=\u00bb1.7em\u00bb body_font=\u00bbRubik|500|||||||\u00bb body_line_height=\u00bb2em\u00bb animation_style=\u00bbzoom\u00bb animation_intensity_zoom=\u00bb10%\u00bb border_radii_image=\u00bbon|10px|10px|10px|10px\u00bb global_colors_info=\u00bb{}\u00bb]\n<p style=\"text-align: justify;\">T\u00e9cnico en educaci\u00f3n parvularia ICEL, adem\u00e1s de formaci\u00f3n en secretariado. 8 a\u00f1os de ejercicio los cuales 4 ha dedicado a Vida play. En la actualidad se desempe\u00f1a como secretaria y t\u00e9cnico a cargo de extensi\u00f3n horaria.<\/p>\n[\/et_pb_team_member][\/et_pb_column][et_pb_column type=\u00bb1_4&#8243; _builder_version=\u00bb4.16&#8243; custom_padding=\u00bb|||\u00bb global_colors_info=\u00bb{}\u00bb custom_padding__hover=\u00bb|||\u00bb][et_pb_team_member name=\u00bbAngiolina Diaz\u00bb position=\u00bbAsistente t\u00e9cnico\u00bb image_url=\u00bbhttps:\/\/solylunavitaplay.cl\/wp-content\/uploads\/2023\/10\/Angiolina.png\u00bb admin_label=\u00bbAngiolina Diaz\u00bb _builder_version=\u00bb4.22.2&#8243; header_font=\u00bbRubik|500|||||||\u00bb header_text_color=\u00bb#4c5c67&#8243; header_line_height=\u00bb1.7em\u00bb body_font=\u00bbRubik|500|||||||\u00bb body_line_height=\u00bb2em\u00bb animation_style=\u00bbzoom\u00bb animation_intensity_zoom=\u00bb10%\u00bb border_radii_image=\u00bbon|10px|10px|10px|10px\u00bb global_colors_info=\u00bb{}\u00bb]\n<p style=\"text-align: justify;\">Angiolina D\u00edaz Espinoza Asistente de P\u00e1rvulo Colegio Centr\u00f3 Polit\u00e9cnico de \u00d1u\u00f1oa. Realiz\u00f3 su pr\u00e1ctica en nuestra corporaci\u00f3n Vidaplay por 3 meses presentando un buen desempe\u00f1o. Actualmente se desempe\u00f1a como asistente en primer nivel de transici\u00f3n y medio mayor.<\/p>\n[\/et_pb_team_member][\/et_pb_column][et_pb_column type=\u00bb1_4&#8243; _builder_version=\u00bb4.16&#8243; custom_padding=\u00bb|||\u00bb global_colors_info=\u00bb{}\u00bb custom_padding__hover=\u00bb|||\u00bb][et_pb_team_member name=\u00bbBetzab\u00e9 Valenzuela\u00bb position=\u00bbAuxiliar de Aseo\u00bb image_url=\u00bbhttps:\/\/solylunavitaplay.cl\/wp-content\/uploads\/2023\/10\/Betzabe.png\u00bb admin_label=\u00bbSandra Calder\u00f3n\u00bb _builder_version=\u00bb4.22.2&#8243; header_font=\u00bbRubik|500|||||||\u00bb header_text_color=\u00bb#4c5c67&#8243; header_line_height=\u00bb1.7em\u00bb body_font=\u00bbRubik|500|||||||\u00bb body_line_height=\u00bb2em\u00bb animation_style=\u00bbzoom\u00bb animation_intensity_zoom=\u00bb10%\u00bb border_radii_image=\u00bbon|10px|10px|10px|10px\u00bb global_colors_info=\u00bb{}\u00bb]\n<p><span>Mi nombre es Betzab\u00e9 Valenzuela, Me incorpore a este equipo de trabajo en el 2023 y me desempe\u00f1o como auxiliar de Aseo, tengo un gran sentido de colaboraci\u00f3n y compromiso en el que hacer diario.<\/span><\/p>\n[\/et_pb_team_member][\/et_pb_column][\/et_pb_row][\/et_pb_section]\n","protected":false},"excerpt":{"rendered":"<p>Equipo de profesionales y t\u00e9cnicos de la Escuela Sol y Luna. <\/p>\n","protected":false},"author":8,"featured_media":0,"parent":0,"menu_order":0,"comment_status":"closed","ping_status":"closed","template":"","meta":{"_et_pb_use_builder":"on","_et_pb_old_content":"","_et_gb_content_width":"","footnotes":""},"class_list":["post-1190","page","type-page","status-publish","hentry"],"yoast_head":"<!-- This site is optimized with the Yoast SEO plugin v26.0 - https:\/\/yoast.com\/wordpress\/plugins\/seo\/ -->\n<title>Equipo - T\u00e9nicos y Profesionales Escuela Sol y Luna<\/title>\n<meta name=\"description\" content=\"Equipo de profesionales y t\u00e9cnicos de la Escuela Sol y Luna.\" \/>\n<meta name=\"robots\" content=\"index, follow, max-snippet:-1, max-image-preview:large, max-video-preview:-1\" \/>\n<link rel=\"canonical\" href=\"https:\/\/solylunavitaplay.cl\/?page_id=1190\" \/>\n<meta property=\"og:locale\" content=\"es_ES\" \/>\n<meta property=\"og:type\" content=\"article\" \/>\n<meta property=\"og:title\" content=\"Equipo - T\u00e9nicos y Profesionales Escuela Sol y Luna\" \/>\n<meta property=\"og:description\" content=\"Equipo de profesionales y t\u00e9cnicos de la Escuela Sol y Luna.\" \/>\n<meta property=\"og:url\" content=\"https:\/\/solylunavitaplay.cl\/?page_id=1190\" \/>\n<meta property=\"og:site_name\" content=\"Escuela Sol y Luna\" \/>\n<meta property=\"article:modified_time\" content=\"2023-10-20T16:20:27+00:00\" \/>\n<meta name=\"twitter:card\" content=\"summary_large_image\" \/>\n<meta name=\"twitter:label1\" content=\"Tiempo de lectura\" \/>\n\t<meta name=\"twitter:data1\" content=\"5 minutos\" \/>\n<script type=\"application\/ld+json\" class=\"yoast-schema-graph\">{\"@context\":\"https:\/\/schema.org\",\"@graph\":[{\"@type\":\"WebPage\",\"@id\":\"https:\/\/solylunavitaplay.cl\/?page_id=1190\",\"url\":\"https:\/\/solylunavitaplay.cl\/?page_id=1190\",\"name\":\"Equipo - T\u00e9nicos y Profesionales Escuela Sol y Luna\",\"isPartOf\":{\"@id\":\"https:\/\/solylunavitaplay.cl\/#website\"},\"datePublished\":\"2020-06-11T04:13:29+00:00\",\"dateModified\":\"2023-10-20T16:20:27+00:00\",\"description\":\"Equipo de profesionales y t\u00e9cnicos de la Escuela Sol y Luna.\",\"breadcrumb\":{\"@id\":\"https:\/\/solylunavitaplay.cl\/?page_id=1190#breadcrumb\"},\"inLanguage\":\"es\",\"potentialAction\":[{\"@type\":\"ReadAction\",\"target\":[\"https:\/\/solylunavitaplay.cl\/?page_id=1190\"]}]},{\"@type\":\"BreadcrumbList\",\"@id\":\"https:\/\/solylunavitaplay.cl\/?page_id=1190#breadcrumb\",\"itemListElement\":[{\"@type\":\"ListItem\",\"position\":1,\"name\":\"Portada\",\"item\":\"https:\/\/solylunavitaplay.cl\/\"},{\"@type\":\"ListItem\",\"position\":2,\"name\":\"Equipo\"}]},{\"@type\":\"WebSite\",\"@id\":\"https:\/\/solylunavitaplay.cl\/#website\",\"url\":\"https:\/\/solylunavitaplay.cl\/\",\"name\":\"Escuela Sol y Luna\",\"description\":\"Un mundo de aventuras\",\"potentialAction\":[{\"@type\":\"SearchAction\",\"target\":{\"@type\":\"EntryPoint\",\"urlTemplate\":\"https:\/\/solylunavitaplay.cl\/?s={search_term_string}\"},\"query-input\":{\"@type\":\"PropertyValueSpecification\",\"valueRequired\":true,\"valueName\":\"search_term_string\"}}],\"inLanguage\":\"es\"}]}<\/script>\n<!-- \/ Yoast SEO plugin. -->","yoast_head_json":{"title":"Equipo - T\u00e9nicos y Profesionales Escuela Sol y Luna","description":"Equipo de profesionales y t\u00e9cnicos de la Escuela Sol y Luna.","robots":{"index":"index","follow":"follow","max-snippet":"max-snippet:-1","max-image-preview":"max-image-preview:large","max-video-preview":"max-video-preview:-1"},"canonical":"https:\/\/solylunavitaplay.cl\/?page_id=1190","og_locale":"es_ES","og_type":"article","og_title":"Equipo - T\u00e9nicos y Profesionales Escuela Sol y Luna","og_description":"Equipo de profesionales y t\u00e9cnicos de la Escuela Sol y Luna.","og_url":"https:\/\/solylunavitaplay.cl\/?page_id=1190","og_site_name":"Escuela Sol y Luna","article_modified_time":"2023-10-20T16:20:27+00:00","twitter_card":"summary_large_image","twitter_misc":{"Tiempo de lectura":"5 minutos"},"schema":{"@context":"https:\/\/schema.org","@graph":[{"@type":"WebPage","@id":"https:\/\/solylunavitaplay.cl\/?page_id=1190","url":"https:\/\/solylunavitaplay.cl\/?page_id=1190","name":"Equipo - T\u00e9nicos y Profesionales Escuela Sol y Luna","isPartOf":{"@id":"https:\/\/solylunavitaplay.cl\/#website"},"datePublished":"2020-06-11T04:13:29+00:00","dateModified":"2023-10-20T16:20:27+00:00","description":"Equipo de profesionales y t\u00e9cnicos de la Escuela Sol y Luna.","breadcrumb":{"@id":"https:\/\/solylunavitaplay.cl\/?page_id=1190#breadcrumb"},"inLanguage":"es","potentialAction":[{"@type":"ReadAction","target":["https:\/\/solylunavitaplay.cl\/?page_id=1190"]}]},{"@type":"BreadcrumbList","@id":"https:\/\/solylunavitaplay.cl\/?page_id=1190#breadcrumb","itemListElement":[{"@type":"ListItem","position":1,"name":"Portada","item":"https:\/\/solylunavitaplay.cl\/"},{"@type":"ListItem","position":2,"name":"Equipo"}]},{"@type":"WebSite","@id":"https:\/\/solylunavitaplay.cl\/#website","url":"https:\/\/solylunavitaplay.cl\/","name":"Escuela Sol y Luna","description":"Un mundo de aventuras","potentialAction":[{"@type":"SearchAction","target":{"@type":"EntryPoint","urlTemplate":"https:\/\/solylunavitaplay.cl\/?s={search_term_string}"},"query-input":{"@type":"PropertyValueSpecification","valueRequired":true,"valueName":"search_term_string"}}],"inLanguage":"es"}]}},"_links":{"self":[{"href":"https:\/\/solylunavitaplay.cl\/index.php?rest_route=\/wp\/v2\/pages\/1190","targetHints":{"allow":["GET"]}}],"collection":[{"href":"https:\/\/solylunavitaplay.cl\/index.php?rest_route=\/wp\/v2\/pages"}],"about":[{"href":"https:\/\/solylunavitaplay.cl\/index.php?rest_route=\/wp\/v2\/types\/page"}],"author":[{"embeddable":true,"href":"https:\/\/solylunavitaplay.cl\/index.php?rest_route=\/wp\/v2\/users\/8"}],"replies":[{"embeddable":true,"href":"https:\/\/solylunavitaplay.cl\/index.php?rest_route=%2Fwp%2Fv2%2Fcomments&post=1190"}],"version-history":[{"count":36,"href":"https:\/\/solylunavitaplay.cl\/index.php?rest_route=\/wp\/v2\/pages\/1190\/revisions"}],"predecessor-version":[{"id":2015,"href":"https:\/\/solylunavitaplay.cl\/index.php?rest_route=\/wp\/v2\/pages\/1190\/revisions\/2015"}],"wp:attachment":[{"href":"https:\/\/solylunavitaplay.cl\/index.php?rest_route=%2Fwp%2Fv2%2Fmedia&parent=1190"}],"curies":[{"name":"wp","href":"https:\/\/api.w.org\/{rel}","templated":true}]}}